{"id":727,"date":"2022-11-17T11:03:42","date_gmt":"2022-11-17T11:03:42","guid":{"rendered":"https:\/\/audrilivesite.local\/nuestro-enfoque\/"},"modified":"2023-06-27T15:29:52","modified_gmt":"2023-06-27T14:29:52","slug":"nuestro-enfoque","status":"publish","type":"page","link":"https:\/\/audri.org\/es\/nuestro-enfoque\/","title":{"rendered":"Nuestro Enfoque"},"content":{"rendered":"\n    <!-- Intro -->\n    <div class=\"section first bg-purple pb-0\">\n        <div class=\"container-fluid\">\n            <div class=\"row g-0 justify-content-center justify-content-lg-between\">\n                <div class=\"col-lg-5 mb-4 mb-lg-0 mt-lg-5\" data-sal=\"slide-right\" data-sal-duration=\"800\" data-sal-delay=\"100\">\n                    <h1>NUESTRO ENFOQUE<\/h1>\n                    <div class=\"mb-4 pb-lg-2\">\n                        <p>Creemos en un futuro en el que la ciudadan\u00eda del ecosistema digital mundial, en su totalidad, sin importar qui\u00e9nes la integran o d\u00f3nde vivan, pueda gozar de los mismos derechos a la seguridad, la libertad y la dignidad.<\/p>\n<p>Sin embargo, un futuro as\u00ed solo puede volverse realidad si los gobiernos y l\u00edderes del mundo hacen acuerdos vinculantes mutuos para defender estos derechos, minimizar las oportunidades de incumplimiento y desarrollar mecanismos universales para responsabilizar los incumplimientos.<\/p>\n                    <\/div>\n\t\t\t\t\t<div class=\"btn-wrapper\">\n                    <a href=\"#down\" class=\"btn btn-download\">\n                        <span>Find out more<\/span>\n                        <span><img decoding=\"async\" src=\"https:\/\/audri.org\/wp-content\/themes\/audri-theme\/img\/svg\/icon-arrow-right.svg\"><\/span>\n                    <\/a>\n\t\t\t\t\t<\/div>\n                <\/div>\n                <div class=\"col-10 col-lg-5\">\n                    <img decoding=\"async\" class=\"d-block img-fluid w-100 mx-auto intro-img_02\" src=\"https:\/\/audri.org\/wp-content\/uploads\/2022\/11\/Our-Approach-Banner-Full.png\" alt=\"Our-Approach-Banner-Full\" data-sal=\"fade\" data-sal-duration=\"1000\" data-sal-delay=\"600\">\n                <\/div>\n            <\/div>\n        <\/div>\n    <\/div>\n    <!-- \/\/Intro -->\n<!-- Centered Text -->\n<div class=\"section position-relative text-center centered-text-block \" id=\"centered-text-block-block_5a03253964d1ac76406f0cea6b4b0e5c\">\n    <div id=\"down\" class=\"anchor\"><\/div>\n    <div class=\"container\">\n        <div class=\"row justify-content-center\">\n            <div class=\"col-xl-11\" data-sal=\"slide-up\" data-sal-duration=\"400\" data-sal-delay=\"100\">\n                <h2>QU\u00c9 HACEMOS<\/h2>\n                <p>Para alcanzar la igualdad universal de seguridad, libertad y dignidad en nuestro futuro digital, necesitamos un enfoque universal que defina, defienda y fomente derechos digitales para todo el mundo.<\/p>\n<p>En AUDRi usamos redes internacionales y experiencia en investigaciones, medidas y defensa de los intereses de derechos humanos para reunir conocimientos, crear soluciones en conjunto y defender el cambio.<\/p>\n                            <\/div>\n        <\/div>\n    <\/div>\n<\/div>\n<!-- Centered Text --><!-- Centered Text -->\n<div class=\"section position-relative text-center centered-text-block \" id=\"centered-text-block-block_8c20d03306e06b473277cbfd7bf47e53\">\n    <div id=\"down\" class=\"anchor\"><\/div>\n    <div class=\"container\">\n        <div class=\"row justify-content-center\">\n            <div class=\"col-xl-11\" data-sal=\"slide-up\" data-sal-duration=\"400\" data-sal-delay=\"100\">\n                <h2>NOS REUNIMOS<\/h2>\n                <p>AUDRi re\u00fane conocimiento y evidencia de las oportunidades y los desaf\u00edos que presentan las tecnolog\u00edas y redes digitales, en particular en lo que respecta a las mujeres, ni\u00f1as y otras personas de grupos discriminados.<\/p>\n                            <\/div>\n        <\/div>\n    <\/div>\n<\/div>\n<!-- Centered Text --><!-- Centered Text -->\n<div class=\"section position-relative text-center centered-text-block \" id=\"centered-text-block-block_56163f59ca8222c8b99fa7464257d536\">\n    <div id=\"down\" class=\"anchor\"><\/div>\n    <div class=\"container\">\n        <div class=\"row justify-content-center\">\n            <div class=\"col-xl-11\" data-sal=\"slide-up\" data-sal-duration=\"400\" data-sal-delay=\"100\">\n                <h2>CREAMOS EN CONJUNTO<\/h2>\n                <p>AUDRi trabaja en colaboraci\u00f3n con personas cuyo conocimiento surge de experiencias vividas y comprensi\u00f3n especializada para obtener soluciones jur\u00eddicas, \u00e9ticas y t\u00e9cnicas ante da\u00f1os potenciales.<\/p>\n                            <\/div>\n        <\/div>\n    <\/div>\n<\/div>\n<!-- Centered Text --><!-- Single Column Text -->\n<div class=\"section\">\n    <div class=\"container\" data-sal=\"slide-up\" data-sal-duration=\"400\" data-sal-delay=\"100\">\n        <div class=\"row justify-content-center\">\n            <div class=\"col-10 col-lg-8 text-center\">\n                <h2>DEFENDEMOS<\/h2>\n<p>AUDRi hace un llamamiento a la adopci\u00f3n de un marco universal de derechos digitales que se cimente en las leyes de derechos humanos y tenga el respaldo de un an\u00e1lisis interseccional feminista y antidiscriminatorio. Para favorecer esto, desarrollamos un conjunto de principios digitales que se enfocan en promover lo siguiente:<\/p>\n                                                            <p class=\"bg-blue-light px-2 py-3 br-sm\">Protecci\u00f3n igualitaria contra la persecuci\u00f3n, la discriminaci\u00f3n y el abuso.<\/p>\n                                            <p class=\"bg-peach px-2 py-3 br-sm\">Acceso igualitario a la informaci\u00f3n, las oportunidades y la comunidad.<\/p>\n                                            <p class=\"bg-orange px-2 py-3 br-sm\">Respeto igualitario a la privacidad, la identidad y la autoexpresi\u00f3n.<\/p>\n                                                                        <a href=\"\/our-solution\/\" class=\"btn\">\n                        <span>M\u00e1s informaci\u00f3n<\/span>\n                        <span><img decoding=\"async\" src=\"https:\/\/audri.org\/wp-content\/themes\/audri-theme\/img\/svg\/icon-arrow-right.svg\"><\/span>\n                    <\/a>\n                            <\/div>\n        <\/div>\n    <\/div>\n<\/div>\n<!-- \/\/Single Column Text --><!-- Fullwidth Two Columns -->\n<div class=\"bg-purple  full-width-two-columns-logos d-flex align-items-center\" id=\"full-width-two-columns-logos-block_7596b98528a47104eb2535cdc03b44ab\">\n    <div class=\"container-fluid p-0\">\n        <div class=\"row g-0 d-flex align-items-center\">\n            <div class=\"col-lg-6 d-flex align-items-center\" data-sal=\"slide-right\" data-sal-duration=\"800\" data-sal-delay=\"200\">\n                <div class=\"section\">\n                    <div class=\"container-fluid\">\n                        <h2>\u00danete a<br \/>\nnosotras<\/h2>\n<p>La Alianza para los Derechos Digitales Universales (Alliance for Universal Digital Rights, AUDRi) re\u00fane a l\u00edderes mundiales en igualdad dentro y fuera del sector digital.<\/p>\n                                                    <div class=\"pt-1 pt-lg-4 btn-wrapper\">\n                                <a href=\"https:\/\/audri.org\/membership-signup\/\" class=\"btn\">\n                                    <span>\u00danete a nosotras<\/span>\n                                    <span><img decoding=\"async\" src=\"https:\/\/audri.org\/wp-content\/themes\/audri-theme\/img\/svg\/icon-arrow-right.svg\"><\/span>\n                                <\/a>\n                            <\/div>\n                                            <\/div>\n                <\/div>\n            <\/div>\n            <div class=\"col-lg-6\">\n\n\n\n\n            <\/div>\n        <\/div>\n    <\/div>\n<\/div>\n<!-- Fullwidth Two Columns -->\n\n<!-- Footer Graphic -->\n<img decoding=\"async\" class=\"img-fluid w-100\" src=\"https:\/\/audri.org\/wp-content\/uploads\/2022\/11\/Website-Footer-02-1920x691.png\" alt=\"Website-Footer-02\" data-sal=\"slide-up\" data-sal-duration=\"800\" data-sal-delay=\"200\">\n<!-- \/\/Footer Graphic -->\n","protected":false},"excerpt":{"rendered":"","protected":false},"author":1,"featured_media":0,"parent":0,"menu_order":0,"comment_status":"closed","ping_status":"closed","template":"","meta":{"_acf_changed":false,"_mo_disable_npp":"","footnotes":""},"class_list":["post-727","page","type-page","status-publish","hentry"],"acf":[],"_links":{"self":[{"href":"https:\/\/audri.org\/es\/wp-json\/wp\/v2\/pages\/727","targetHints":{"allow":["GET"]}}],"collection":[{"href":"https:\/\/audri.org\/es\/wp-json\/wp\/v2\/pages"}],"about":[{"href":"https:\/\/audri.org\/es\/wp-json\/wp\/v2\/types\/page"}],"author":[{"embeddable":true,"href":"https:\/\/audri.org\/es\/wp-json\/wp\/v2\/users\/1"}],"replies":[{"embeddable":true,"href":"https:\/\/audri.org\/es\/wp-json\/wp\/v2\/comments?post=727"}],"version-history":[{"count":0,"href":"https:\/\/audri.org\/es\/wp-json\/wp\/v2\/pages\/727\/revisions"}],"wp:attachment":[{"href":"https:\/\/audri.org\/es\/wp-json\/wp\/v2\/media?parent=727"}],"curies":[{"name":"wp","href":"https:\/\/api.w.org\/{rel}","templated":true}]}}