{"id":730,"date":"2022-11-17T10:09:22","date_gmt":"2022-11-17T10:09:22","guid":{"rendered":"https:\/\/audrilivesite.local\/sobre-nosotras\/"},"modified":"2023-06-27T15:59:49","modified_gmt":"2023-06-27T14:59:49","slug":"sobre-nosotras","status":"publish","type":"page","link":"https:\/\/audri.org\/es\/sobre-nosotras\/","title":{"rendered":"Sobre nosotras"},"content":{"rendered":"\n    <!-- Intro -->\n    <div class=\"section first bg-purple pb-0\">\n        <div class=\"container-fluid\">\n            <div class=\"row g-0 justify-content-center justify-content-lg-between\">\n                <div class=\"col-lg-5 mb-4 mb-lg-0 mt-lg-5\" data-sal=\"slide-right\" data-sal-duration=\"800\" data-sal-delay=\"100\">\n                    <h1>Acerca de la Alianza por los Derechos Digitales Universales <\/h1>\n                    <div class=\"mb-4 pb-lg-2\">\n                        <p>La Alianza por los Derechos Digitales Universales (AUDRi) existe para explorar formas de crear un futuro digital en el que todos puedan disfrutar de los mismos derechos a la seguridad, la libertad y la dignidad, sean quienes sean y donde sea, cuando sea y como sea que existan y se conecten en lo digital. mundo. <\/p>\n<p>Nos enfocamos especialmente en las mujeres, las ni\u00f1as y otras personas de grupos discriminados, quienes enfrentan formas cruzadas de discriminaci\u00f3n y estereotipos basados \u200b\u200ben el g\u00e9nero en el mundo f\u00edsico. Porque solo cuando los m\u00e1s vulnerables de la sociedad est\u00e1n protegidos, todos est\u00e1n a salvo.<\/p>\n                    <\/div>\n\t\t\t\t\t<div class=\"btn-wrapper\">\n                    <a href=\"#down\" class=\"btn btn-download\">\n                        <span>Find out more<\/span>\n                        <span><img decoding=\"async\" src=\"https:\/\/audri.org\/wp-content\/themes\/audri-theme\/img\/svg\/icon-arrow-right.svg\"><\/span>\n                    <\/a>\n\t\t\t\t\t<\/div>\n                <\/div>\n                <div class=\"col-10 col-lg-5\">\n                    <img decoding=\"async\" class=\"d-block img-fluid w-100 mx-auto intro-img_02\" src=\"https:\/\/audri.org\/wp-content\/uploads\/2022\/11\/About-Banner-Img-Full.png\" alt=\"About-Banner-Img-Full\" data-sal=\"fade\" data-sal-duration=\"1000\" data-sal-delay=\"600\">\n                <\/div>\n            <\/div>\n        <\/div>\n    <\/div>\n    <!-- \/\/Intro -->\n<!-- Centered Text -->\n<div class=\"section position-relative text-center centered-text-block \" id=\"centered-text-block-block_940c2909e7142bfbcf18641a78d8f28f\">\n    <div id=\"down\" class=\"anchor\"><\/div>\n    <div class=\"container\">\n        <div class=\"row justify-content-center\">\n            <div class=\"col-xl-11\" data-sal=\"slide-up\" data-sal-duration=\"400\" data-sal-delay=\"100\">\n                <h2>LA ALIANZA<\/h2>\n                <p>La Alianza por los Derechos Digitales Universales (AUDRi) fue formada en 2022 por dos organizaciones internacionales de defensa e igualdad de g\u00e9nero, Equality Now y Women Leading in AI.<\/p>\n                            <\/div>\n        <\/div>\n    <\/div>\n<\/div>\n<!-- Centered Text --><!-- Centered Text -->\n<div class=\"section position-relative text-center centered-text-block \" id=\"centered-text-block-block_338d362d3673b9b9f168beb78f9a7041\">\n    <div id=\"down\" class=\"anchor\"><\/div>\n    <div class=\"container\">\n        <div class=\"row justify-content-center\">\n            <div class=\"col-xl-11\" data-sal=\"slide-up\" data-sal-duration=\"400\" data-sal-delay=\"100\">\n                <h2>IGUALDAD YA<\/h2>\n                <p>Tiene 30 a\u00f1os de experiencia trabajando para poner fin a la violencia y la discriminaci\u00f3n contra las mujeres y las ni\u00f1as, utilizando el poder de la ley para lograr un cambio sist\u00e9mico.<\/p>\n<p>Aportan a AUDRi su experiencia en defensa legal internacional, an\u00e1lisis interseccional feminista y de g\u00e9nero de la discriminaci\u00f3n, la desigualdad y el poder sist\u00e9micos; y un historial de influencia en los gobiernos, la ONU y otros organismos internacionales.<\/p>\n<p>Equality Now es miembro fundador y proporciona secretar\u00edas para la Coalici\u00f3n de Solidaridad por los Derechos de las Mujeres Africanas (SOAWR), la Campa\u00f1a Global para la Igualdad en el Derecho de Familia y la Coalici\u00f3n Hurra para la igualdad en el derecho de familia en la regi\u00f3n de Oriente Medio y el Norte de \u00c1frica.<\/p>\n                            <\/div>\n        <\/div>\n    <\/div>\n<\/div>\n<!-- Centered Text --><!-- Centered Text -->\n<div class=\"section position-relative text-center centered-text-block \" id=\"centered-text-block-block_f47dd785127b6eac424924abd8fc2fc7\">\n    <div id=\"down\" class=\"anchor\"><\/div>\n    <div class=\"container\">\n        <div class=\"row justify-content-center\">\n            <div class=\"col-xl-11\" data-sal=\"slide-up\" data-sal-duration=\"400\" data-sal-delay=\"100\">\n                <h2>MUJERES L\u00cdDERES EN IA<\/h2>\n                <p>Es un tanque de acci\u00f3n de mujeres l\u00edderes en el campo de la Inteligencia Artificial (IA), que creen que la IA debe ser responsable, transparente, responsable y bien gobernada.<\/p>\n<p>Aportan a AUDRi experiencia y conocimientos feministas sobre IA y \u00e9tica digital, junto con una comprensi\u00f3n \u00fanica de c\u00f3mo se crean y amplifican formas interseccionales de sesgo y discriminaci\u00f3n mediante el uso de algoritmos y aprendizaje autom\u00e1tico.<\/p>\n                            <\/div>\n        <\/div>\n    <\/div>\n<\/div>\n<!-- Centered Text --><!-- \/\/Two Columns Fullwidth -->\n            <div class=\"row g-0 align-items-center\">\n            <div class=\"col-lg-6 \">\n                <img decoding=\"async\" class=\"img-fluid w-100\" src=\"https:\/\/audri.org\/wp-content\/uploads\/2022\/11\/Audri-Website-Photos-960-x-1080-960x1080.png\" alt=\"Image\" data-sal=\"slide-up\" data-sal-duration=\"400\" data-sal-delay=\"100\">\n            <\/div>\n            <div class=\"col-lg-6 my-5 my-lg-0\">\n                <div class=\"container\">\n                    <div class=\"row justify-content-center\">\n                        <div class=\"col-lg-11\" data-sal=\"slide-up\" data-sal-duration=\"400\" data-sal-delay=\"200\">\n                            <h2>Creemos que la fuerza de nuestro movimiento radica en la diversidad de nuestra red.<\/h2>\n<p>\u00bfPodr\u00edas unirte a nosotros y contribuir con algo incre\u00edble? Damos la bienvenida a las solicitudes de:<\/p>\n<ul>\n<li>Estados miembros de la ONU y otros organismos internacionales, regionales o nacionales reconocidos<\/li>\n<li>Expertos acad\u00e9micos, t\u00e9cnicos y legales de todo el sector p\u00fablico, privado y de la sociedad civil<\/li>\n<li>Activistas y organizaciones que buscan, representan y amplifican las voces marginadas<\/li>\n<\/ul>\n                        <\/div>\n                    <\/div>\n                <\/div>\n            <\/div>\n        <\/div>\n    <!-- \/\/Two Columns Fullwidth -->\n<!-- Mission Carousel -->\n<div class=\"section mission-carousel\" id=\"mission-carousel-block_e756d083392f46640e62f1923f70aee4\">\n    <div class=\"container\" data-sal=\"slide-up\" data-sal-duration=\"400\" data-sal-delay=\"100\">\n        <div class=\"row justify-content-center mb-lg-5\">\n            <div class=\"col-10 col-lg-5 text-center\">\n                                                    <p>Cualquiera que sea su experiencia, al unirse a la red de AUDRi estar\u00e1 ayudando a:<\/p>\n                            <\/div>\n            <div class=\"col-lg-8\">\n                <div id=\"carouselTabs\" class=\"carousel slide carousel-tabs text-center\" data-bs-ride=\"carousel\" data-bs-pause=\"false\">\n                    <div class=\"carousel-indicators position-relative mx-0 mt-3 mb-4 pb-3 justify-content-between\">\n                                                                                    <button type=\"button\" data-bs-target=\"#carouselTabs\" data-bs-slide-to=\"0\" class=\"active\" aria-current=\"true\" aria-label=\"Slide 1\"><span>Convocar<\/span><\/button>\n                                                                <button type=\"button\" data-bs-target=\"#carouselTabs\" data-bs-slide-to=\"1\" class=\"\" aria-current=\"true\" aria-label=\"Slide 2\"><span>Co-crear<\/span><\/button>\n                                                                <button type=\"button\" data-bs-target=\"#carouselTabs\" data-bs-slide-to=\"2\" class=\"\" aria-current=\"true\" aria-label=\"Slide 3\"><span>Campeona<\/span><\/button>\n                                                                            <\/div>\n                    <div class=\"carousel-inner\">\n                                                                                    <div class=\"carousel-item active\">\n                                    <div class=\"row justify-content-center\">\n                                        <div class=\"col-lg-7\">\n                                            <p>Convocar a las personas para recopilar conocimientos y pruebas sobre las oportunidades y los desaf\u00edos que presentan las tecnolog\u00edas y redes digitales, en particular para mujeres, ni\u00f1as y otras personas de grupos discriminados;<\/p>\n                                        <\/div>\n                                    <\/div>\n                                <\/div>\n                                                            <div class=\"carousel-item \">\n                                    <div class=\"row justify-content-center\">\n                                        <div class=\"col-lg-7\">\n                                            <p>Convocar a las personas para recopilar conocimientos y pruebas sobre las oportunidades y los desaf\u00edos que presentan las tecnolog\u00edas y redes digitales, en particular para mujeres, ni\u00f1as y otras personas de grupos discriminados;<\/p>\n                                        <\/div>\n                                    <\/div>\n                                <\/div>\n                                                            <div class=\"carousel-item \">\n                                    <div class=\"row justify-content-center\">\n                                        <div class=\"col-lg-7\">\n                                            <p>Defender la adopci\u00f3n mundial de un enfoque feminista interseccional basado en los derechos humanos para el dise\u00f1o, desarrollo y regulaci\u00f3n de tecnolog\u00edas y redes digitales.<\/p>\n                                        <\/div>\n                                    <\/div>\n                                <\/div>\n                                                                        <\/div>\n                <\/div>\n            <\/div>\n        <\/div>\n        <div class=\"row justify-content-center\">\n            <div class=\"col-lg-11 text-center\">\n                <p>Solo trabajando juntos crearemos un futuro digital en el que todos puedan disfrutar de los mismos derechos a<\/p>\n                                    <a href=\"https:\/\/audri.org\/join-us\/\" class=\"btn\">\n                        <span>\u00danete a nosotras<\/span>\n                        <span><img decoding=\"async\" src=\"https:\/\/audri.org\/wp-content\/themes\/audri-theme\/img\/svg\/icon-arrow-right.svg\"><\/span>\n                    <\/a>\n                            <\/div>\n        <\/div>\n    <\/div>\n<\/div>\n<!-- \/\/Mission Carousel -->\n<!-- Team Panels -->\n<div class=\"section pt-0\">\n    <div class=\"container\">\n\n        <div class=\"alternating-panel sm bg-purple-alt position-relative overflow-hidden sal-animate\" data-sal=\"slide-up\" data-sal-duration=\"400\" data-sal-delay=\"100\">\n            <div class=\"row g-0 row-alternating-panel position-absolute align-items-center\">\n                <div class=\"col-lg-auto\">\n                    <h2 class=\"me-5 mb-4 mb-lg-0\">Our <br>Leadership<\/h2>\n                <\/div>\n                <div class=\"col-lg-5\">\n                    <p>AUDRi est\u00e1 dirigida por un grupo directivo con experiencia en campa\u00f1as, defensa y derecho digital y de derechos humanos, y actualmente es administrada por un peque\u00f1o equipo central.<\/p>\n                <\/div>\n            <\/div>\n            <img decoding=\"async\" class=\"position-absolute alternating-panel-img\" src=\"\">\n        <\/div>\n\n                                    <div class=\"team-panel bg-peach\">\n                    <div class=\"row align-items-center\">\n                        <div class=\"col-lg-6 mb-4 mb-lg-0 order-lg-2\">\n                            <img decoding=\"async\" class=\"img-fluid w-100\" src=\"https:\/\/audri.org\/wp-content\/uploads\/2022\/11\/Amanda-560x560.png\" alt=\"Amanda\" data-sal=\"flip-left\" data-sal-duration=\"400\" data-sal-delay=\"100\">\n                        <\/div>\n                        <div class=\"col-lg-6 order-lg-1\">\n                            <div class=\"me-lg-4\" data-sal=\"slide-up\" data-sal-duration=\"400\" data-sal-delay=\"100\">\n                                <h2>AMANDA MANYAME<\/h2>\n<p>es experta en leyes y derechos digitales en Equality Now. Trabaja en la intersecci\u00f3n de la tecnolog\u00eda y la ley, asesorando y realizando investigaciones sobre los riesgos y da\u00f1os legales asociados con la innovaci\u00f3n tecnol\u00f3gica. Amanda ha trabajado con organizaciones de la sociedad civil, empresas tecnol\u00f3gicas y personas influyentes en las pol\u00edticas para brindar una comprensi\u00f3n de las diferentes consideraciones que influyen en las pol\u00edticas tecnol\u00f3gicas, las leyes y los derechos digitales. rights.<\/p>\n                            <\/div>\n                        <\/div>\n                    <\/div>\n                <\/div>\n                            <div class=\"team-panel bg-peach\">\n                    <div class=\"row align-items-center\">\n                        <div class=\"col-lg-6 mb-4 mb-lg-0 \">\n                            <img decoding=\"async\" class=\"img-fluid w-100\" src=\"https:\/\/audri.org\/wp-content\/uploads\/2022\/11\/Emma-560x560.png\" alt=\"Emma\" data-sal=\"flip-left\" data-sal-duration=\"400\" data-sal-delay=\"100\">\n                        <\/div>\n                        <div class=\"col-lg-6 order-lg-1\">\n                            <div class=\"me-lg-4\" data-sal=\"slide-up\" data-sal-duration=\"400\" data-sal-delay=\"100\">\n                                <h2>EMMA GIBSON<\/h2>\n<p>es directora ejecutiva de Women Leading in AI y actualmente est\u00e1 adscrita a Equality Now para liderar la campa\u00f1a AUDRi. Es experta en estrategias de campa\u00f1a y trabaja en derechos de las mujeres y cuestiones ambientales en el Reino Unido, India y Australia. Anteriormente ocup\u00f3 puestos de Directora de Campa\u00f1a tanto en Greenpeace como en Amigos de la Tierra.<\/p>\n                            <\/div>\n                        <\/div>\n                    <\/div>\n                <\/div>\n                            <div class=\"team-panel bg-peach\">\n                    <div class=\"row align-items-center\">\n                        <div class=\"col-lg-6 mb-4 mb-lg-0 order-lg-2\">\n                            <img decoding=\"async\" class=\"img-fluid w-100\" src=\"https:\/\/audri.org\/wp-content\/uploads\/2022\/11\/Ivana-560x560.png\" alt=\"Ivana\" data-sal=\"flip-left\" data-sal-duration=\"400\" data-sal-delay=\"100\">\n                        <\/div>\n                        <div class=\"col-lg-6 order-lg-1\">\n                            <div class=\"me-lg-4\" data-sal=\"slide-up\" data-sal-duration=\"400\" data-sal-delay=\"100\">\n                                <h2>IVANA BARTOLETTI<\/h2>\n<p>es el oficial de privacidad de datos global en Wipro, la empresa l\u00edder internacional en tecnolog\u00eda de la informaci\u00f3n, consultor\u00eda y servicios de procesos comerciales. es Responsable de Privacidad de Datos Mundiales en Wipro, la empresa internacional l\u00edder en tecnolog\u00eda de la informaci\u00f3n, consultor\u00edas y servicios de procesos comerciales. Adem\u00e1s, es cofundadora de Women Leading in AI y l\u00edder de pensamiento con renombre internacional en privacidad y protecci\u00f3n de datos, y tecnolog\u00eda responsable. Tambi\u00e9n es profesora visitante en la Universidad de Oxford, y es la autora de <i>An Artificial Revolution: On Power, Politics and AI.<\/i><\/p>\n                            <\/div>\n                        <\/div>\n                    <\/div>\n                <\/div>\n                            <div class=\"team-panel bg-peach\">\n                    <div class=\"row align-items-center\">\n                        <div class=\"col-lg-6 mb-4 mb-lg-0 \">\n                            <img decoding=\"async\" class=\"img-fluid w-100\" src=\"https:\/\/audri.org\/wp-content\/uploads\/2022\/11\/Tsitsi-560x560.png\" alt=\"Tsitsi\" data-sal=\"flip-left\" data-sal-duration=\"400\" data-sal-delay=\"100\">\n                        <\/div>\n                        <div class=\"col-lg-6 order-lg-1\">\n                            <div class=\"me-lg-4\" data-sal=\"slide-up\" data-sal-duration=\"400\" data-sal-delay=\"100\">\n                                <h2>TSITSI MATEKAIRE<\/h2>\n<p>es la l\u00edder mundial del grupo de Equality Now para poner fin a la explotaci\u00f3n sexual. Con m\u00e1s de 16 a\u00f1os de experiencia, Tsitsi es experta jur\u00eddica de renombre en materia de derechos de las mujeres, trata de personas con fines de explotaci\u00f3n sexual, explotaci\u00f3n sexual, acceso a la justicia, participaci\u00f3n pol\u00edtica de las mujeres y violencia contra las mujeres y las ni\u00f1as. Sus escritos y comentarios han aparecido en The London Economic, Eco Business e Inter Press Service, y se le acredita como coautora en Palgrave International Handbook on Human Trafficking (2019).<\/p>\n                            <\/div>\n                        <\/div>\n                    <\/div>\n                <\/div>\n                    \n    <\/div>\n<\/div>\n<!-- \/\/Team Panels -->\n<!-- Fullwidth Text -->\n<div class=\"section pt-0\">\n    <div class=\"container text-center\">\n        <div class=\"row justify-content-center\">\n            <div class=\"col-xl-11\">\n                <h2>NUESTRA HISTORIA<\/h2>\n<p>En 2018, Equality Now lanz\u00f3 una campa\u00f1a para explorar y atender el aumento mundial de la explotaci\u00f3n y abuso sexuales en l\u00ednea (Online Sexual Exploitation and Abuse, OSEA) al comprometerse con gobiernos, las Naciones Unidas y organismos regionales, organizaciones de derechos digitales y de las mujeres, profesionales del derecho y la investigaci\u00f3n, y supervivientes.<\/p>\n<p>Este trabajo, junto a conocimientos obtenidos mediante su membres\u00eda de WeProtect Global Alliance (un movimiento mundial contra la explotaci\u00f3n y abuso sexuales en l\u00ednea de ni\u00f1os y ni\u00f1as), condujo a una clara conclusi\u00f3n: Las mujeres, ni\u00f1as y otras personas de grupos discriminados pueden hacer muy poco para mantenerse a salvo en l\u00ednea, a menos que los gobiernos de todo el mundo aborden los problemas que se generan en el ecosistema digital mundial.<\/p>\n<p>Por ejemplo, \u00bfc\u00f3mo puede equilibrarse el derecho a la seguridad personal en el \u00e1mbito digital con los derechos a la privacidad y la libertad de expresi\u00f3n? \u00bfC\u00f3mo se puede reglamentar y exigir la rendici\u00f3n de cuentas a las empresas que operan redes y tecnolog\u00edas digitales por fuera de las jurisdicciones y fronteras nacionales? \u00bfC\u00f3mo se pueden aprovechar los beneficios de la IA y el aprendizaje autom\u00e1tico sin correr el riesgo de potenciar los mismos estereotipos y sesgos tradicionales que alimentan el racismo y la misoginia?<\/p>\n<p>Para responder estas preguntas, <a href=\"http:\/\/www.equalitynow.org\" target=\"_blank\" rel=\"noopener\">Equality Now<\/a> se asoci\u00f3 con <a href=\"https:\/\/womenleadinginai.org\/\" target=\"_blank\" rel=\"noopener\">Women Leading in AI<\/a>, organizaci\u00f3n feminista con experiencia en IA, derechos digitales y \u00e9tica digital. Luego de analizar una gran cantidad de evidencia, llegaron a la conclusi\u00f3n de que las mujeres, ni\u00f1as y otras personas de grupos discriminados s\u00f3lo podr\u00edan gozar de los beneficios de una sociedad digitalizada mediante la adopci\u00f3n de derechos digitales universales por parte de los gobiernos de todo el mundo.<\/p>\n<p>Durante los siguientes 18 meses, crearon un comit\u00e9 de direcci\u00f3n y consultaron con partes interesadas, incluidas Amnist\u00eda Internacional, el Instituto Dan\u00e9s de Derechos Humanos, la fundaci\u00f3n World Wide Web, POLLICY y la Fundaci\u00f3n Mozilla, as\u00ed como con especialistas en derechos digitales y humanos de las Naciones Unidas y la Organizaci\u00f3n de los Estados Americanos. Tambi\u00e9n se comprometieron con CRISP, el Centro Canadiense para la Protecci\u00f3n de la Infancia, el Centro para los Derechos de Mujeres y Ni\u00f1os, miembros de los comit\u00e9s de CEDAW y GREVIO, la UNODC y los representantes del gobierno de Australia, Finlandia y Kenya en debates sobre seguridad en l\u00ednea y el papel del derecho nacional e internacional.<\/p>\n<p>La evidencia recopilada durante este largo per\u00edodo de consultor\u00eda y participaci\u00f3n se us\u00f3 para informar el desarrollo de los principios de derechos digitales de AUDRi.<\/p>\n                                    <a href=\"https:\/\/audri.org\/digital-principles\/\" class=\"btn\">\n                        <span>M\u00e1s informaci\u00f3n<\/span>\n                        <span><img decoding=\"async\" src=\"https:\/\/audri.org\/wp-content\/themes\/audri-theme\/img\/svg\/icon-arrow-right.svg\"><\/span>\n                    <\/a>\n                \t\t\t\t            <\/div>\n        <\/div>\n    <\/div>\n<\/div>\n<!-- Fullwidth Text -->\n<!-- Footer Graphic -->\n<img decoding=\"async\" class=\"img-fluid w-100\" src=\"https:\/\/audri.org\/wp-content\/uploads\/2022\/11\/Website-Footer-06-1920x691.png\" alt=\"Website-Footer-06\" data-sal=\"slide-up\" data-sal-duration=\"800\" data-sal-delay=\"200\">\n<!-- \/\/Footer Graphic -->\n","protected":false},"excerpt":{"rendered":"","protected":false},"author":1,"featured_media":0,"parent":0,"menu_order":0,"comment_status":"closed","ping_status":"closed","template":"","meta":{"_acf_changed":false,"_mo_disable_npp":"","footnotes":""},"class_list":["post-730","page","type-page","status-publish","hentry"],"acf":[],"_links":{"self":[{"href":"https:\/\/audri.org\/es\/wp-json\/wp\/v2\/pages\/730","targetHints":{"allow":["GET"]}}],"collection":[{"href":"https:\/\/audri.org\/es\/wp-json\/wp\/v2\/pages"}],"about":[{"href":"https:\/\/audri.org\/es\/wp-json\/wp\/v2\/types\/page"}],"author":[{"embeddable":true,"href":"https:\/\/audri.org\/es\/wp-json\/wp\/v2\/users\/1"}],"replies":[{"embeddable":true,"href":"https:\/\/audri.org\/es\/wp-json\/wp\/v2\/comments?post=730"}],"version-history":[{"count":0,"href":"https:\/\/audri.org\/es\/wp-json\/wp\/v2\/pages\/730\/revisions"}],"wp:attachment":[{"href":"https:\/\/audri.org\/es\/wp-json\/wp\/v2\/media?parent=730"}],"curies":[{"name":"wp","href":"https:\/\/api.w.org\/{rel}","templated":true}]}}