{"id":726,"date":"2022-11-17T11:03:42","date_gmt":"2022-11-17T11:03:42","guid":{"rendered":"https:\/\/audrilivesite.local\/notre-approche\/"},"modified":"2023-06-27T15:23:57","modified_gmt":"2023-06-27T14:23:57","slug":"notre-approche","status":"publish","type":"page","link":"https:\/\/audri.org\/fr\/notre-approche\/","title":{"rendered":"Notre approche"},"content":{"rendered":"\n    <!-- Intro -->\n    <div class=\"section first bg-purple pb-0\">\n        <div class=\"container-fluid\">\n            <div class=\"row g-0 justify-content-center justify-content-lg-between\">\n                <div class=\"col-lg-5 mb-4 mb-lg-0 mt-lg-5\" data-sal=\"slide-right\" data-sal-duration=\"800\" data-sal-delay=\"100\">\n                    <h1>NOTRE APPROCHE<\/h1>\n                    <div class=\"mb-4 pb-lg-2\">\n                        <p>Nous croyons en un avenir o\u00f9 tous les citoyens de l&rsquo;\u00e9cosyst\u00e8me num\u00e9rique mondial, peu importe qui ils sont ou o\u00f9 ils vivent, peuvent jouir de droits \u00e9gaux \u00e0 la s\u00e9curit\u00e9, \u00e0 la libert\u00e9 et \u00e0 la dignit\u00e9.<\/p>\n<p>Mais un tel avenir ne peut devenir une r\u00e9alit\u00e9 que si les gouvernements et les dirigeants du monde entier mettent en place des accords mutuels et contraignants pour faire respecter ces droits, minimiser les possibilit\u00e9s de violation et d\u00e9velopper des m\u00e9canismes universels pour demander des comptes aux violations.<\/p>\n                    <\/div>\n\t\t\t\t\t<div class=\"btn-wrapper\">\n                    <a href=\"#down\" class=\"btn btn-download\">\n                        <span>Find out more<\/span>\n                        <span><img decoding=\"async\" src=\"https:\/\/audri.org\/wp-content\/themes\/audri-theme\/img\/svg\/icon-arrow-right.svg\"><\/span>\n                    <\/a>\n\t\t\t\t\t<\/div>\n                <\/div>\n                <div class=\"col-10 col-lg-5\">\n                    <img decoding=\"async\" class=\"d-block img-fluid w-100 mx-auto intro-img_02\" src=\"https:\/\/audri.org\/wp-content\/uploads\/2022\/11\/Our-Approach-Banner-Full.png\" alt=\"Our-Approach-Banner-Full\" data-sal=\"fade\" data-sal-duration=\"1000\" data-sal-delay=\"600\">\n                <\/div>\n            <\/div>\n        <\/div>\n    <\/div>\n    <!-- \/\/Intro -->\n<!-- Centered Text -->\n<div class=\"section position-relative text-center centered-text-block \" id=\"centered-text-block-block_0b5b36fa4bcbe6fe70b1d29e64466757\">\n    <div id=\"down\" class=\"anchor\"><\/div>\n    <div class=\"container\">\n        <div class=\"row justify-content-center\">\n            <div class=\"col-xl-11\" data-sal=\"slide-up\" data-sal-duration=\"400\" data-sal-delay=\"100\">\n                <h2>CE QUE NOUS FAISONS<\/h2>\n                <p>Pour parvenir \u00e0 l&rsquo;\u00e9galit\u00e9 universelle de s\u00e9curit\u00e9, de libert\u00e9 et de dignit\u00e9 dans notre avenir num\u00e9rique, nous avons besoin d&rsquo;une approche universelle pour d\u00e9finir, d\u00e9fendre et faire progresser les droits num\u00e9riques &#8211; pour tous.<\/p>\n<p>Chez AUDRi, nous utilisons nos r\u00e9seaux internationaux et notre exp\u00e9rience dans la recherche, l&rsquo;action et le plaidoyer en mati\u00e8re de droits de l&rsquo;homme pour rassembler les connaissances, co-cr\u00e9er des solutions et d\u00e9fendre le changement.<\/p>\n                            <\/div>\n        <\/div>\n    <\/div>\n<\/div>\n<!-- Centered Text --><!-- Centered Text -->\n<div class=\"section position-relative text-center centered-text-block \" id=\"centered-text-block-block_f2b1f893d6aeede8d351bb1c8ee987b3\">\n    <div id=\"down\" class=\"anchor\"><\/div>\n    <div class=\"container\">\n        <div class=\"row justify-content-center\">\n            <div class=\"col-xl-11\" data-sal=\"slide-up\" data-sal-duration=\"400\" data-sal-delay=\"100\">\n                <h2>NOUS CONVOQUONS<\/h2>\n                <p>AUDRi rassemble des connaissances et des preuves des opportunit\u00e9s et des d\u00e9fis pr\u00e9sent\u00e9s par les technologies et les r\u00e9seaux num\u00e9riques, en particulier en ce qui concerne les femmes, les filles et d&rsquo;autres personnes issues de groupes victimes de discrimination.<\/p>\n                            <\/div>\n        <\/div>\n    <\/div>\n<\/div>\n<!-- Centered Text --><!-- Centered Text -->\n<div class=\"section position-relative text-center centered-text-block \" id=\"centered-text-block-block_4d6159e2c0ceece296051dcec6497c80\">\n    <div id=\"down\" class=\"anchor\"><\/div>\n    <div class=\"container\">\n        <div class=\"row justify-content-center\">\n            <div class=\"col-xl-11\" data-sal=\"slide-up\" data-sal-duration=\"400\" data-sal-delay=\"100\">\n                <h2>NOUS CO-CR\u00c9ONS<\/h2>\n                <p>AUDRi travaille en collaboration avec ceux dont les connaissances sont \u00e9clair\u00e9es par l&rsquo;exp\u00e9rience v\u00e9cue et la compr\u00e9hension d&rsquo;experts, pour trouver des solutions juridiques, \u00e9thiques et techniques aux dommages potentiels.<\/p>\n                            <\/div>\n        <\/div>\n    <\/div>\n<\/div>\n<!-- Centered Text --><!-- Single Column Text -->\n<div class=\"section\">\n    <div class=\"container\" data-sal=\"slide-up\" data-sal-duration=\"400\" data-sal-delay=\"100\">\n        <div class=\"row justify-content-center\">\n            <div class=\"col-10 col-lg-8 text-center\">\n                <h2>NOUS CHAMPIONS<\/h2>\n<p>AUDRi appelle \u00e0 l&rsquo;adoption d&rsquo;un cadre universel des droits num\u00e9riques, ancr\u00e9 dans le droit des droits de l&rsquo;homme et \u00e9tay\u00e9 par une analyse intersectionnelle f\u00e9ministe et anti-discrimination. Pour faciliter cela, nous avons d\u00e9velopp\u00e9 un ensemble de principes num\u00e9riques, qui se concentrent sur la promotion :<\/p>\n                                                            <p class=\"bg-blue-light px-2 py-3 br-sm\">Protection \u00e9gale contre la pers\u00e9cution, la discrimination et les abus<\/p>\n                                            <p class=\"bg-peach px-2 py-3 br-sm\">Acc\u00e8s \u00e9gal \u00e0 l&rsquo;information, aux opportunit\u00e9s et \u00e0 la communaut\u00e9<\/p>\n                                            <p class=\"bg-orange px-2 py-3 br-sm\">Respect \u00e9gal de la vie priv\u00e9e, de l&rsquo;identit\u00e9 et de l&rsquo;expression de soi<\/p>\n                                                                        <a href=\"\/notre-solution\/\" class=\"btn\">\n                        <span>En savoir plus<\/span>\n                        <span><img decoding=\"async\" src=\"https:\/\/audri.org\/wp-content\/themes\/audri-theme\/img\/svg\/icon-arrow-right.svg\"><\/span>\n                    <\/a>\n                            <\/div>\n        <\/div>\n    <\/div>\n<\/div>\n<!-- \/\/Single Column Text --><!-- Fullwidth Two Columns -->\n<div class=\"bg-purple  full-width-two-columns-logos d-flex align-items-center\" id=\"full-width-two-columns-logos-block_e111f730ea29e5a9902f879c6cad3f1d\">\n    <div class=\"container-fluid p-0\">\n        <div class=\"row g-0 d-flex align-items-center\">\n            <div class=\"col-lg-6 d-flex align-items-center\" data-sal=\"slide-right\" data-sal-duration=\"800\" data-sal-delay=\"200\">\n                <div class=\"section\">\n                    <div class=\"container-fluid\">\n                        <h2>REJOINDRE<br \/>\nNOUS<\/h2>\n<p>AUDRi repr\u00e9sente les principales voix mondiales en mati\u00e8re d&rsquo;\u00e9galit\u00e9, tant au sein qu&rsquo;au-del\u00e0 du secteur num\u00e9rique.<\/p>\n                                                    <div class=\"pt-1 pt-lg-4 btn-wrapper\">\n                                <a href=\"https:\/\/audri.org\/membership-signup\/\" class=\"btn\">\n                                    <span>Rejoignez-nous<\/span>\n                                    <span><img decoding=\"async\" src=\"https:\/\/audri.org\/wp-content\/themes\/audri-theme\/img\/svg\/icon-arrow-right.svg\"><\/span>\n                                <\/a>\n                            <\/div>\n                                            <\/div>\n                <\/div>\n            <\/div>\n            <div class=\"col-lg-6\">\n\n\n\n\n            <\/div>\n        <\/div>\n    <\/div>\n<\/div>\n<!-- Fullwidth Two Columns -->\n\n<!-- Footer Graphic -->\n<img decoding=\"async\" class=\"img-fluid w-100\" src=\"https:\/\/audri.org\/wp-content\/uploads\/2022\/11\/Website-Footer-02-1920x691.png\" alt=\"Website-Footer-02\" data-sal=\"slide-up\" data-sal-duration=\"800\" data-sal-delay=\"200\">\n<!-- \/\/Footer Graphic -->\n","protected":false},"excerpt":{"rendered":"","protected":false},"author":1,"featured_media":0,"parent":0,"menu_order":0,"comment_status":"closed","ping_status":"closed","template":"","meta":{"_acf_changed":false,"_mo_disable_npp":"","footnotes":""},"class_list":["post-726","page","type-page","status-publish","hentry"],"acf":[],"_links":{"self":[{"href":"https:\/\/audri.org\/fr\/wp-json\/wp\/v2\/pages\/726","targetHints":{"allow":["GET"]}}],"collection":[{"href":"https:\/\/audri.org\/fr\/wp-json\/wp\/v2\/pages"}],"about":[{"href":"https:\/\/audri.org\/fr\/wp-json\/wp\/v2\/types\/page"}],"author":[{"embeddable":true,"href":"https:\/\/audri.org\/fr\/wp-json\/wp\/v2\/users\/1"}],"replies":[{"embeddable":true,"href":"https:\/\/audri.org\/fr\/wp-json\/wp\/v2\/comments?post=726"}],"version-history":[{"count":0,"href":"https:\/\/audri.org\/fr\/wp-json\/wp\/v2\/pages\/726\/revisions"}],"wp:attachment":[{"href":"https:\/\/audri.org\/fr\/wp-json\/wp\/v2\/media?parent=726"}],"curies":[{"name":"wp","href":"https:\/\/api.w.org\/{rel}","templated":true}]}}