{"id":729,"date":"2022-11-17T10:09:22","date_gmt":"2022-11-17T10:09:22","guid":{"rendered":"https:\/\/audrilivesite.local\/a-propos-de-nous\/"},"modified":"2023-06-27T15:50:00","modified_gmt":"2023-06-27T14:50:00","slug":"a-propos-de-nous","status":"publish","type":"page","link":"https:\/\/audri.org\/fr\/a-propos-de-nous\/","title":{"rendered":"\u00c0 propos de nous"},"content":{"rendered":"\n    <!-- Intro -->\n    <div class=\"section first bg-purple pb-0\">\n        <div class=\"container-fluid\">\n            <div class=\"row g-0 justify-content-center justify-content-lg-between\">\n                <div class=\"col-lg-5 mb-4 mb-lg-0 mt-lg-5\" data-sal=\"slide-right\" data-sal-duration=\"800\" data-sal-delay=\"100\">\n                    <h1>\u00c0 propos de l&rsquo;Alliance pour les droits num\u00e9riques universels <\/h1>\n                    <div class=\"mb-4 pb-lg-2\">\n                        <p>L&rsquo;Alliance pour les droits num\u00e9riques universels (AUDRi) existe pour explorer les moyens de cr\u00e9er un avenir num\u00e9rique dans lequel chacun peut jouir de droits \u00e9gaux \u00e0 la s\u00e9curit\u00e9, \u00e0 la libert\u00e9 et \u00e0 la dignit\u00e9 &#8211; qui qu&rsquo;il soit et o\u00f9 qu&rsquo;il soit, quand et comment il existe et se connecte dans le num\u00e9rique. monde. <\/p>\n<p>Nous accordons une attention particuli\u00e8re aux femmes, aux filles et aux autres personnes issues de groupes victimes de discrimination, qui sont toutes confront\u00e9es \u00e0 des formes crois\u00e9es de discrimination et de st\u00e9r\u00e9otypes sexistes dans le monde physique. Parce que ce n&rsquo;est que lorsque les plus vuln\u00e9rables de la soci\u00e9t\u00e9 sont prot\u00e9g\u00e9s que tout le monde est en s\u00e9curit\u00e9.<\/p>\n                    <\/div>\n\t\t\t\t\t<div class=\"btn-wrapper\">\n                    <a href=\"#down\" class=\"btn btn-download\">\n                        <span>Find out more<\/span>\n                        <span><img decoding=\"async\" src=\"https:\/\/audri.org\/wp-content\/themes\/audri-theme\/img\/svg\/icon-arrow-right.svg\"><\/span>\n                    <\/a>\n\t\t\t\t\t<\/div>\n                <\/div>\n                <div class=\"col-10 col-lg-5\">\n                    <img decoding=\"async\" class=\"d-block img-fluid w-100 mx-auto intro-img_02\" src=\"https:\/\/audri.org\/wp-content\/uploads\/2022\/11\/About-Banner-Img-Full.png\" alt=\"About-Banner-Img-Full\" data-sal=\"fade\" data-sal-duration=\"1000\" data-sal-delay=\"600\">\n                <\/div>\n            <\/div>\n        <\/div>\n    <\/div>\n    <!-- \/\/Intro -->\n<!-- Centered Text -->\n<div class=\"section position-relative text-center centered-text-block \" id=\"centered-text-block-block_84c2a1f837996c529b7f1a067d6fe82b\">\n    <div id=\"down\" class=\"anchor\"><\/div>\n    <div class=\"container\">\n        <div class=\"row justify-content-center\">\n            <div class=\"col-xl-11\" data-sal=\"slide-up\" data-sal-duration=\"400\" data-sal-delay=\"100\">\n                <h2>L&rsquo;ALLIANCE<\/h2>\n                <p>L&rsquo;Alliance pour les droits num\u00e9riques universels (AUDRi) a \u00e9t\u00e9 cr\u00e9\u00e9e en 2022 par deux organisations internationales de d\u00e9fense de l&rsquo;\u00e9galit\u00e9 des sexes et de d\u00e9fense des droits, Equality Now et Women Leading in AI.<\/p>\n                            <\/div>\n        <\/div>\n    <\/div>\n<\/div>\n<!-- Centered Text --><!-- Centered Text -->\n<div class=\"section position-relative text-center centered-text-block \" id=\"centered-text-block-block_2a5c591bb29856738b762eaa31b3b138\">\n    <div id=\"down\" class=\"anchor\"><\/div>\n    <div class=\"container\">\n        <div class=\"row justify-content-center\">\n            <div class=\"col-xl-11\" data-sal=\"slide-up\" data-sal-duration=\"400\" data-sal-delay=\"100\">\n                <h2>L&rsquo;\u00c9GALIT\u00c9 MAINTENANT<\/h2>\n                <p>A 30 ans d&rsquo;exp\u00e9rience dans la lutte contre la violence et la discrimination \u00e0 l&rsquo;\u00e9gard des femmes et des filles, en utilisant le pouvoir de la loi pour provoquer un changement syst\u00e9mique.e.<\/p>\n<p>L&rsquo;Alliance pour les droits num\u00e9riques universels (AUDRi) existe pour explorer les moyens de cr\u00e9er un avenir num\u00e9rique dans lequel chacun peut jouir de droits \u00e9gaux \u00e0 la s\u00e9curit\u00e9, \u00e0 la libert\u00e9 et \u00e0 la dignit\u00e9 &#8211; qui qu&rsquo;il soit et o\u00f9 qu&rsquo;il soit, quand et comment il existe et se connecte dans le num\u00e9rique. monde.<\/p>\n<p>Equality Now est membre fondateur et fournit des secr\u00e9tariats pour la Coalition Solidarit\u00e9 pour les droits des femmes africaines (SOAWR), la Campagne mondiale pour l&rsquo;\u00e9galit\u00e9 dans le droit de la famille et la Coalition Hurra pour l&rsquo;\u00e9galit\u00e9 dans le droit de la famille dans la r\u00e9gion du Moyen-Orient et de l&rsquo;Afrique du Nord.<\/p>\n                            <\/div>\n        <\/div>\n    <\/div>\n<\/div>\n<!-- Centered Text --><!-- Centered Text -->\n<div class=\"section position-relative text-center centered-text-block \" id=\"centered-text-block-block_5dbf235b14d26223fb0daf011ba737aa\">\n    <div id=\"down\" class=\"anchor\"><\/div>\n    <div class=\"container\">\n        <div class=\"row justify-content-center\">\n            <div class=\"col-xl-11\" data-sal=\"slide-up\" data-sal-duration=\"400\" data-sal-delay=\"100\">\n                <h2>LES FEMMES DIRIGEANT EN IA<\/h2>\n                <p>Est un groupe d&rsquo;action de femmes leaders dans le domaine de l&rsquo;intelligence artificielle (IA), qui croient que l&rsquo;IA doit \u00eatre responsable, transparente, responsable et bien gouvern\u00e9e.<\/p>\n<p>Elles apportent \u00e0 AUDRi une expertise et des connaissances f\u00e9ministes sur l&rsquo;IA et l&rsquo;\u00e9thique num\u00e9rique, ainsi qu&rsquo;une compr\u00e9hension unique de la fa\u00e7on dont les formes crois\u00e9es de pr\u00e9jug\u00e9s et de discrimination sont cr\u00e9\u00e9es et amplifi\u00e9es gr\u00e2ce \u00e0 l&rsquo;utilisation d&rsquo;algorithmes et d&rsquo;apprentissage automatique.<\/p>\n                            <\/div>\n        <\/div>\n    <\/div>\n<\/div>\n<!-- Centered Text --><!-- \/\/Two Columns Fullwidth -->\n            <div class=\"row g-0 align-items-center\">\n            <div class=\"col-lg-6 \">\n                <img decoding=\"async\" class=\"img-fluid w-100\" src=\"https:\/\/audri.org\/wp-content\/uploads\/2022\/11\/Audri-Website-Photos-960-x-1080-960x1080.png\" alt=\"Image\" data-sal=\"slide-up\" data-sal-duration=\"400\" data-sal-delay=\"100\">\n            <\/div>\n            <div class=\"col-lg-6 my-5 my-lg-0\">\n                <div class=\"container\">\n                    <div class=\"row justify-content-center\">\n                        <div class=\"col-lg-11\" data-sal=\"slide-up\" data-sal-duration=\"400\" data-sal-delay=\"200\">\n                            <h2>Nous croyons que la force de notre mouvement r\u00e9side dans la diversit\u00e9 de notre r\u00e9seau.<\/h2>\n<p>Pourriez-vous nous rejoindre et contribuer quelque chose d&rsquo;incroyable ? Nous accueillons les candidatures de :<\/p>\n<ul>\n<li>\u00c9tats membres de l&rsquo;ONU et autres organismes internationaux, r\u00e9gionaux ou nationaux reconnus<\/li>\n<li>Experts universitaires, techniques et juridiques de la soci\u00e9t\u00e9 publique, priv\u00e9e et civile<\/li>\n<li>Activistes et organisations qui recherchent, repr\u00e9sentent et amplifient les voix marginalis\u00e9es<\/li>\n<\/ul>\n                        <\/div>\n                    <\/div>\n                <\/div>\n            <\/div>\n        <\/div>\n    <!-- \/\/Two Columns Fullwidth -->\n<!-- Mission Carousel -->\n<div class=\"section mission-carousel\" id=\"mission-carousel-block_7b354f064f8e73defd1fc6e6e4456faa\">\n    <div class=\"container\" data-sal=\"slide-up\" data-sal-duration=\"400\" data-sal-delay=\"100\">\n        <div class=\"row justify-content-center mb-lg-5\">\n            <div class=\"col-10 col-lg-5 text-center\">\n                                                    <p>Quel que soit votre parcours, en rejoignant le r\u00e9seau AUDRi vous contribuerez \u00e0 :<\/p>\n                            <\/div>\n            <div class=\"col-lg-8\">\n                <div id=\"carouselTabs\" class=\"carousel slide carousel-tabs text-center\" data-bs-ride=\"carousel\" data-bs-pause=\"false\">\n                    <div class=\"carousel-indicators position-relative mx-0 mt-3 mb-4 pb-3 justify-content-between\">\n                                                                                    <button type=\"button\" data-bs-target=\"#carouselTabs\" data-bs-slide-to=\"0\" class=\"active\" aria-current=\"true\" aria-label=\"Slide 1\"><span>Convoquer<\/span><\/button>\n                                                                <button type=\"button\" data-bs-target=\"#carouselTabs\" data-bs-slide-to=\"1\" class=\"\" aria-current=\"true\" aria-label=\"Slide 2\"><span>Co-cr\u00e9er<\/span><\/button>\n                                                                <button type=\"button\" data-bs-target=\"#carouselTabs\" data-bs-slide-to=\"2\" class=\"\" aria-current=\"true\" aria-label=\"Slide 3\"><span>Championne<\/span><\/button>\n                                                                            <\/div>\n                    <div class=\"carousel-inner\">\n                                                                                    <div class=\"carousel-item active\">\n                                    <div class=\"row justify-content-center\">\n                                        <div class=\"col-lg-7\">\n                                            <p>Convoquer des personnes pour recueillir des connaissances et des preuves des opportunit\u00e9s et des d\u00e9fis pr\u00e9sent\u00e9s par les technologies et les r\u00e9seaux num\u00e9riques, en particulier pour les femmes, les filles et les autres personnes issues de groupes victimes de discrimination ;<\/p>\n                                        <\/div>\n                                    <\/div>\n                                <\/div>\n                                                            <div class=\"carousel-item \">\n                                    <div class=\"row justify-content-center\">\n                                        <div class=\"col-lg-7\">\n                                            <p>Co-cr\u00e9er des solutions juridiques, \u00e9thiques et techniques aux dommages potentiels, identifi\u00e9s gr\u00e2ce \u00e0 la collaboration avec ceux dont les connaissances sont \u00e9clair\u00e9es par l&rsquo;exp\u00e9rience v\u00e9cue et la compr\u00e9hension d&rsquo;experts ;<\/p>\n                                        <\/div>\n                                    <\/div>\n                                <\/div>\n                                                            <div class=\"carousel-item \">\n                                    <div class=\"row justify-content-center\">\n                                        <div class=\"col-lg-7\">\n                                            <p>D\u00e9fendre l&rsquo;adoption mondiale d&rsquo;une approche f\u00e9ministe intersectionnelle fond\u00e9e sur les droits de l&rsquo;homme pour la conception, le d\u00e9veloppement et la r\u00e9glementation des technologies et des r\u00e9seaux num\u00e9riques<\/p>\n                                        <\/div>\n                                    <\/div>\n                                <\/div>\n                                                                        <\/div>\n                <\/div>\n            <\/div>\n        <\/div>\n        <div class=\"row justify-content-center\">\n            <div class=\"col-lg-11 text-center\">\n                <p>Ce n&rsquo;est qu&rsquo;en travaillant ensemble que nous cr\u00e9erons un avenir num\u00e9rique dans lequel chacun pourra jouir de droits \u00e9gaux \u00e0 la s\u00e9curit\u00e9, \u00e0 la libert\u00e9 et \u00e0 la dignit\u00e9.<\/p>\n                                    <a href=\"https:\/\/audri.org\/join-us\/\" class=\"btn\">\n                        <span>Rejoignez-nous<\/span>\n                        <span><img decoding=\"async\" src=\"https:\/\/audri.org\/wp-content\/themes\/audri-theme\/img\/svg\/icon-arrow-right.svg\"><\/span>\n                    <\/a>\n                            <\/div>\n        <\/div>\n    <\/div>\n<\/div>\n<!-- \/\/Mission Carousel -->\n<!-- Team Panels -->\n<div class=\"section pt-0\">\n    <div class=\"container\">\n\n        <div class=\"alternating-panel sm bg-purple-alt position-relative overflow-hidden sal-animate\" data-sal=\"slide-up\" data-sal-duration=\"400\" data-sal-delay=\"100\">\n            <div class=\"row g-0 row-alternating-panel position-absolute align-items-center\">\n                <div class=\"col-lg-auto\">\n                    <h2 class=\"me-5 mb-4 mb-lg-0\">Our <br>Leadership<\/h2>\n                <\/div>\n                <div class=\"col-lg-5\">\n                    <p>AUDRi est dirig\u00e9 par un groupe de pilotage sp\u00e9cialis\u00e9 dans les campagnes, le plaidoyer et le droit num\u00e9rique et des droits de l&rsquo;homme, et est actuellement g\u00e9r\u00e9 par une petite \u00e9quipe de base.<\/p>\n                <\/div>\n            <\/div>\n            <img decoding=\"async\" class=\"position-absolute alternating-panel-img\" src=\"\">\n        <\/div>\n\n                                    <div class=\"team-panel bg-peach\">\n                    <div class=\"row align-items-center\">\n                        <div class=\"col-lg-6 mb-4 mb-lg-0 order-lg-2\">\n                            <img decoding=\"async\" class=\"img-fluid w-100\" src=\"https:\/\/audri.org\/wp-content\/uploads\/2022\/11\/Amanda-560x560.png\" alt=\"Amanda\" data-sal=\"flip-left\" data-sal-duration=\"400\" data-sal-delay=\"100\">\n                        <\/div>\n                        <div class=\"col-lg-6 order-lg-1\">\n                            <div class=\"me-lg-4\" data-sal=\"slide-up\" data-sal-duration=\"400\" data-sal-delay=\"100\">\n                                <h2>AMANDA MANYAME<\/h2>\n<p>est experte en droit et droits num\u00e9riques chez Equality Now. Elle travaille \u00e0 l&rsquo;intersection de la technologie et du droit, conseillant et menant des recherches sur les risques juridiques et les m\u00e9faits associ\u00e9s \u00e0 l&rsquo;innovation technologique. Amanda a travaill\u00e9 avec des organisations de la soci\u00e9t\u00e9 civile, des entreprises technologiques et des influenceurs politiques pour fournir une compr\u00e9hension des diff\u00e9rentes consid\u00e9rations qui influencent la politique technologique, les lois et les droits num\u00e9riques.<\/p>\n                            <\/div>\n                        <\/div>\n                    <\/div>\n                <\/div>\n                            <div class=\"team-panel bg-peach\">\n                    <div class=\"row align-items-center\">\n                        <div class=\"col-lg-6 mb-4 mb-lg-0 \">\n                            <img decoding=\"async\" class=\"img-fluid w-100\" src=\"https:\/\/audri.org\/wp-content\/uploads\/2022\/11\/Emma-560x560.png\" alt=\"Emma\" data-sal=\"flip-left\" data-sal-duration=\"400\" data-sal-delay=\"100\">\n                        <\/div>\n                        <div class=\"col-lg-6 order-lg-1\">\n                            <div class=\"me-lg-4\" data-sal=\"slide-up\" data-sal-duration=\"400\" data-sal-delay=\"100\">\n                                <h2>EMMA GIBSON<\/h2>\n<p>est directrice g\u00e9n\u00e9rale de Women Leading in AI et est actuellement d\u00e9tach\u00e9e aupr\u00e8s d&rsquo;Equality Now pour diriger la campagne AUDRi. Elle est experte en strat\u00e9gies de campagne, travaillant sur les droits des femmes et les questions environnementales au Royaume-Uni, en Inde et en Australie. Elle a pr\u00e9c\u00e9demment occup\u00e9 des postes de directrice de campagne chez Greenpeace et les Amis de la Terre.<\/p>\n                            <\/div>\n                        <\/div>\n                    <\/div>\n                <\/div>\n                            <div class=\"team-panel bg-peach\">\n                    <div class=\"row align-items-center\">\n                        <div class=\"col-lg-6 mb-4 mb-lg-0 order-lg-2\">\n                            <img decoding=\"async\" class=\"img-fluid w-100\" src=\"https:\/\/audri.org\/wp-content\/uploads\/2022\/11\/Ivana-560x560.png\" alt=\"Ivana\" data-sal=\"flip-left\" data-sal-duration=\"400\" data-sal-delay=\"100\">\n                        <\/div>\n                        <div class=\"col-lg-6 order-lg-1\">\n                            <div class=\"me-lg-4\" data-sal=\"slide-up\" data-sal-duration=\"400\" data-sal-delay=\"100\">\n                                <h2>IVANA BARTOLETTI<\/h2>\n<p>est le responsable mondial de la confidentialit\u00e9 des donn\u00e9es chez Wipro, le leader international des technologies de l&rsquo;information, du conseil et des services de processus m\u00e9tier. Elle est cofondatrice de Women Leading in AI et leader d&rsquo;opinion internationalement reconnue en mati\u00e8re de confidentialit\u00e9, de protection des donn\u00e9es et de technologie responsable. Elle est chercheuse invit\u00e9e \u00e0 l&rsquo;Universit\u00e9 d&rsquo;Oxford et est l&rsquo;auteur de <i>An Artificial Revolution, on Power, Politics and AI.<\/i><\/p>\n                            <\/div>\n                        <\/div>\n                    <\/div>\n                <\/div>\n                            <div class=\"team-panel bg-peach\">\n                    <div class=\"row align-items-center\">\n                        <div class=\"col-lg-6 mb-4 mb-lg-0 \">\n                            <img decoding=\"async\" class=\"img-fluid w-100\" src=\"https:\/\/audri.org\/wp-content\/uploads\/2022\/11\/Tsitsi-560x560.png\" alt=\"Tsitsi\" data-sal=\"flip-left\" data-sal-duration=\"400\" data-sal-delay=\"100\">\n                        <\/div>\n                        <div class=\"col-lg-6 order-lg-1\">\n                            <div class=\"me-lg-4\" data-sal=\"slide-up\" data-sal-duration=\"400\" data-sal-delay=\"100\">\n                                <h2>TSITSI MATEKAIRE<\/h2>\n<p>est le responsable mondial pour mettre fin \u00e0 l&rsquo;exploitation sexuelle chez Equality Now. Avec plus de seize ans d&rsquo;exp\u00e9rience, Tsitsi est une experte juridique reconnue sur les droits des femmes, le trafic sexuel, l&rsquo;exploitation sexuelle, l&rsquo;acc\u00e8s \u00e0 la justice, la participation politique des femmes et la violence contre les femmes et les filles. Ses \u00e9crits et ses commentaires ont \u00e9t\u00e9 pr\u00e9sent\u00e9s dans The London Economic, Eco Business et Inter Press Service, et elle est cr\u00e9dit\u00e9e en tant que co-auteur du Palgrave International Handbook on Human Trafficking (2019).<\/p>\n                            <\/div>\n                        <\/div>\n                    <\/div>\n                <\/div>\n                    \n    <\/div>\n<\/div>\n<!-- \/\/Team Panels -->\n<!-- Fullwidth Text -->\n<div class=\"section pt-0\">\n    <div class=\"container text-center\">\n        <div class=\"row justify-content-center\">\n            <div class=\"col-xl-11\">\n                <h2>Notre histoire<\/h2>\n<p>En 2018, Equality Now a lanc\u00e9 une campagne pour explorer et lutter contre l&rsquo;augmentation mondiale de l&rsquo;exploitation et des abus sexuels en ligne (OSEA), en impliquant les gouvernements, les organismes des Nations Unies et r\u00e9gionaux, les organisations num\u00e9riques et de d\u00e9fense des droits des femmes, les avocats, les chercheurs et les survivants.<\/p>\n<p>Ce travail, ainsi que les connaissances acquises gr\u00e2ce \u00e0 leur adh\u00e9sion \u00e0 l&rsquo;Alliance mondiale WeProtect (un mouvement mondial contre l&rsquo;exploitation et les abus sexuels d&rsquo;enfants en ligne), les ont conduits \u00e0 une conclusion brutale : il y a tr\u00e8s peu de femmes, de filles et d&rsquo;autres personnes victimes de discrimination. contre les groupes peuvent faire pour assurer leur s\u00e9curit\u00e9 en ligne, \u00e0 moins que les gouvernements du monde entier ne rel\u00e8vent une s\u00e9rie de d\u00e9fis connexes au sein de l&rsquo;\u00e9cosyst\u00e8me num\u00e9rique mondial.<\/p>\n<p>Par exemple, comment le droit \u00e0 la s\u00e9curit\u00e9 personnelle dans le domaine num\u00e9rique peut-il \u00eatre \u00e9quilibr\u00e9 avec les droits \u00e0 la vie priv\u00e9e et \u00e0 la libert\u00e9 d&rsquo;expression ? Comment les entreprises qui exploitent des technologies et des r\u00e9seaux num\u00e9riques au-del\u00e0 des fronti\u00e8res et des juridictions nationales peuvent-elles \u00eatre r\u00e9glement\u00e9es et tenues responsables ? Comment exploiter les avantages de l&rsquo;IA et de l&rsquo;apprentissage automatique sans risquer d&rsquo;amplifier les m\u00eames st\u00e9r\u00e9otypes et pr\u00e9jug\u00e9s s\u00e9culaires qui alimentent le racisme et la misogynie ?<\/p>\n<p>Pour r\u00e9pondre \u00e0 ces questions, <a href=\"http:\/\/www.equalitynow.org\" target=\"_blank\" rel=\"noopener\">Equality Now<\/a> s&rsquo;est associ\u00e9 \u00e0 <a href=\"https:\/\/womenleadinginai.org\/\" target=\"_blank\" rel=\"noopener\">Women Leading in AI<\/a>, une organisation f\u00e9ministe sp\u00e9cialis\u00e9e dans l&rsquo;IA, les droits num\u00e9riques et l&rsquo;\u00e9thique num\u00e9rique. Ensemble, apr\u00e8s avoir analys\u00e9 un ensemble de preuves \u00e9norme et diversifi\u00e9, ils ont conclu que les femmes, les filles et les autres personnes issues de groupes victimes de discrimination ne pourraient profiter pleinement des avantages d&rsquo;une soci\u00e9t\u00e9 num\u00e9ris\u00e9e qu&rsquo;\u00e0 travers l&rsquo;adoption, par les gouvernements du monde entier, des droits num\u00e9riques universels.<\/p>\n<p>Au cours des 18 mois suivants, ils ont mis en place un comit\u00e9 directeur et consult\u00e9 des parties prenantes telles qu&rsquo;Amnesty International, l&rsquo;Institut danois des droits de l&rsquo;homme, la Web Foundation, POLLICY et la Fondation Mozilla, ainsi que des sp\u00e9cialistes du num\u00e9rique et des droits de l&rsquo;homme de l&rsquo;ONU et du Organisation des \u00c9tats am\u00e9ricains. Ils ont \u00e9galement engag\u00e9 le CRISP, le Centre canadien pour la protection de l&rsquo;enfance, le Centre pour les droits de la femme et de l&rsquo;enfant, des membres des comit\u00e9s CEDAW et GREVIO, l&rsquo;Office des Nations Unies contre la drogue et le crime (ONUDC) et des repr\u00e9sentants des gouvernements australien, finlandais et Kenya dans les discussions sur la s\u00e9curit\u00e9 en ligne et le r\u00f4le du droit international et national.<\/p>\n<p>Les preuves recueillies au cours de cette longue p\u00e9riode de consultation et d&rsquo;engagement ont \u00e9t\u00e9 utilis\u00e9es pour \u00e9clairer l&rsquo;\u00e9laboration des principes des droits num\u00e9riques AUDRi.<\/p>\n                                    <a href=\"https:\/\/audri.org\/digital-principles\/\" class=\"btn\">\n                        <span>En savoir plus<\/span>\n                        <span><img decoding=\"async\" src=\"https:\/\/audri.org\/wp-content\/themes\/audri-theme\/img\/svg\/icon-arrow-right.svg\"><\/span>\n                    <\/a>\n                \t\t\t\t            <\/div>\n        <\/div>\n    <\/div>\n<\/div>\n<!-- Fullwidth Text -->\n<!-- Footer Graphic -->\n<img decoding=\"async\" class=\"img-fluid w-100\" src=\"https:\/\/audri.org\/wp-content\/uploads\/2022\/11\/Website-Footer-06-1920x691.png\" alt=\"Website-Footer-06\" data-sal=\"slide-up\" data-sal-duration=\"800\" data-sal-delay=\"200\">\n<!-- \/\/Footer Graphic -->\n","protected":false},"excerpt":{"rendered":"","protected":false},"author":1,"featured_media":0,"parent":0,"menu_order":0,"comment_status":"closed","ping_status":"closed","template":"","meta":{"_acf_changed":false,"_mo_disable_npp":"","footnotes":""},"class_list":["post-729","page","type-page","status-publish","hentry"],"acf":[],"_links":{"self":[{"href":"https:\/\/audri.org\/fr\/wp-json\/wp\/v2\/pages\/729","targetHints":{"allow":["GET"]}}],"collection":[{"href":"https:\/\/audri.org\/fr\/wp-json\/wp\/v2\/pages"}],"about":[{"href":"https:\/\/audri.org\/fr\/wp-json\/wp\/v2\/types\/page"}],"author":[{"embeddable":true,"href":"https:\/\/audri.org\/fr\/wp-json\/wp\/v2\/users\/1"}],"replies":[{"embeddable":true,"href":"https:\/\/audri.org\/fr\/wp-json\/wp\/v2\/comments?post=729"}],"version-history":[{"count":0,"href":"https:\/\/audri.org\/fr\/wp-json\/wp\/v2\/pages\/729\/revisions"}],"wp:attachment":[{"href":"https:\/\/audri.org\/fr\/wp-json\/wp\/v2\/media?parent=729"}],"curies":[{"name":"wp","href":"https:\/\/api.w.org\/{rel}","templated":true}]}}