{"id":732,"date":"2022-11-16T15:53:40","date_gmt":"2022-11-16T15:53:40","guid":{"rendered":"https:\/\/audrilivesite.local\/le-defi\/"},"modified":"2023-06-27T16:17:09","modified_gmt":"2023-06-27T15:17:09","slug":"le-defi","status":"publish","type":"page","link":"https:\/\/audri.org\/fr\/le-defi\/","title":{"rendered":"Le d\u00e9fi"},"content":{"rendered":"\n    <!-- Intro -->\n    <div class=\"section first bg-purple pb-0\">\n        <div class=\"container-fluid\">\n            <div class=\"row g-0 justify-content-center justify-content-lg-between\">\n                <div class=\"col-lg-5 mb-4 mb-lg-0 mt-lg-5\" data-sal=\"slide-right\" data-sal-duration=\"800\" data-sal-delay=\"100\">\n                    <h1>LE D\u00c9FI QUE NOUS RELEVONS<\/h1>\n                    <div class=\"mb-4 pb-lg-2\">\n                        <p>La r\u00e9gulation du monde num\u00e9rique est incoh\u00e9rente et inefficace. Ceux qui sont les plus profond\u00e9ment touch\u00e9s par cela sont les personnes, les groupes et les communaut\u00e9s qui ont le moins de pouvoir et de privil\u00e8ges.<\/p>\n                    <\/div>\n\t\t\t\t\t<div class=\"btn-wrapper\">\n                    <a href=\"#down\" class=\"btn btn-download\">\n                        <span>Find out more<\/span>\n                        <span><img decoding=\"async\" src=\"https:\/\/audri.org\/wp-content\/themes\/audri-theme\/img\/svg\/icon-arrow-right.svg\"><\/span>\n                    <\/a>\n\t\t\t\t\t<\/div>\n                <\/div>\n                <div class=\"col-10 col-lg-5\">\n                    <img decoding=\"async\" class=\"d-block img-fluid w-100 mx-auto intro-img_02\" src=\"https:\/\/audri.org\/wp-content\/uploads\/2022\/11\/The-Challenge-Banner-Full.png\" alt=\"The-Challenge-Banner-Full\" data-sal=\"fade\" data-sal-duration=\"1000\" data-sal-delay=\"600\">\n                <\/div>\n            <\/div>\n        <\/div>\n    <\/div>\n    <!-- \/\/Intro -->\n<!-- Centered Text -->\n<div class=\"section position-relative text-center centered-text-block \" id=\"centered-text-block-block_a5fbcd753b0565f8288d035ea030acfc\">\n    <div id=\"down\" class=\"anchor\"><\/div>\n    <div class=\"container\">\n        <div class=\"row justify-content-center\">\n            <div class=\"col-xl-11\" data-sal=\"slide-up\" data-sal-duration=\"400\" data-sal-delay=\"100\">\n                <h2>UN ENJEU MONDIAL<\/h2>\n                <p>Au cours des cinq derni\u00e8res d\u00e9cennies, les progr\u00e8s sans pr\u00e9c\u00e9dent des technologies et des communications num\u00e9riques ont r\u00e9volutionn\u00e9 notre fa\u00e7on de vivre, de travailler et de nous connecter, les fronti\u00e8res entre nos mondes physique et num\u00e9rique devenant de plus en plus floues.<\/p>\n<p>Malgr\u00e9 le potentiel de transformation de ces avanc\u00e9es, les espaces num\u00e9riques restent largement non r\u00e9glement\u00e9s. Il n&rsquo;existe pas de r\u00e8gles universelles pour ceux qui con\u00e7oivent, exploitent et profitent des r\u00e9seaux et services num\u00e9riques ; il n&rsquo;existe pas non plus de moyen efficace de garantir que les normes communes con\u00e7ues pour guider et prot\u00e9ger nos interactions num\u00e9riques soient universellement et \u00e9quitablement respect\u00e9es.<\/p>\n                            <\/div>\n        <\/div>\n    <\/div>\n<\/div>\n<!-- Centered Text --><!-- \/\/Two Columns Fullwidth -->\n            <div class=\"row g-0 align-items-center\">\n            <div class=\"col-lg-6 \">\n                <img decoding=\"async\" class=\"img-fluid w-100\" src=\"https:\/\/audri.org\/wp-content\/uploads\/2022\/11\/960x1080_02.jpg\" alt=\"Image\" data-sal=\"slide-up\" data-sal-duration=\"400\" data-sal-delay=\"100\">\n            <\/div>\n            <div class=\"col-lg-6 my-5 my-lg-0\">\n                <div class=\"container\">\n                    <div class=\"row justify-content-center\">\n                        <div class=\"col-lg-11\" data-sal=\"slide-up\" data-sal-duration=\"400\" data-sal-delay=\"200\">\n                            <h2>DISCRIMINATION NUM\u00c9RIQUE<\/h2>\n<p>Les personnes et les communaut\u00e9s qui sont les plus profond\u00e9ment et syst\u00e9matiquement affect\u00e9es par la r\u00e9glementation in\u00e9gale de notre \u00e9cosyst\u00e8me num\u00e9rique sont celles qui ont le moins de pouvoir et de privil\u00e8ges.<\/p>\n<p>Les femmes et les filles, les minorit\u00e9s autochtones et raciales, les personnes handicap\u00e9es et celles qui vivent dans des communaut\u00e9s socio-\u00e9conomiquement n\u00e9glig\u00e9es \u00e0 travers le monde &#8211; ce sont sur leurs \u00e9paules que repose le plus lourdement l&rsquo;\u00e9norme fardeau des dommages caus\u00e9s par les in\u00e9galit\u00e9s num\u00e9riques mondiales.<\/p>\n<p>Il n&rsquo;existe pas de r\u00e8gles universelles pour ceux qui con\u00e7oivent, exploitent et profitent des r\u00e9seaux et services num\u00e9riques ; il n&rsquo;existe pas non plus de moyen efficace de garantir que les normes communes con\u00e7ues pour guider et prot\u00e9ger nos interactions num\u00e9riques soient universellement et \u00e9quitablement respect\u00e9es.<\/p>\n                        <\/div>\n                    <\/div>\n                <\/div>\n            <\/div>\n        <\/div>\n            <div class=\"row g-0 align-items-center\">\n            <div class=\"col-lg-6 order-lg-2\">\n                <img decoding=\"async\" class=\"img-fluid w-100\" src=\"https:\/\/audri.org\/wp-content\/uploads\/2022\/11\/Canva-Stock-960-1080-960x1080.png\" alt=\"Image\" data-sal=\"slide-up\" data-sal-duration=\"400\" data-sal-delay=\"100\">\n            <\/div>\n            <div class=\"col-lg-6 my-5 my-lg-0\">\n                <div class=\"container\">\n                    <div class=\"row justify-content-center\">\n                        <div class=\"col-lg-11\" data-sal=\"slide-up\" data-sal-duration=\"400\" data-sal-delay=\"200\">\n                            <h2>LA PREUVE<\/h2>\n<ul>\n<li>La violence en ligne en Inde a tripl\u00e9 pendant la pand\u00e9mie de COVID-19 (de 26 % \u00e0 74 %) [ICRW, 2021]<\/li>\n<li>1 personne sur 3 en Australie, en Nouvelle-Z\u00e9lande et au Royaume-Uni a subi au moins une forme d&rsquo;abus sexuel bas\u00e9 sur l&rsquo;image [Monash University Australia, 2020]<\/li>\n<li>79 % des internautes \u00e2g\u00e9s de 12 \u00e0 15 ans au Royaume-Uni signalent au moins une exp\u00e9rience potentiellement pr\u00e9judiciable en ligne au cours des 12 derniers mois [Ofcom, 2021]<\/li>\n<li>55% des cas de traite \u00e0 des fins sexuelles en 2020 impliquaient l&rsquo;utilisation des technologies Internet par les trafiquants (ONUDC, 2020)<\/li>\n<\/ul>\n                        <\/div>\n                    <\/div>\n                <\/div>\n            <\/div>\n        <\/div>\n    <!-- \/\/Two Columns Fullwidth --><!-- Fullwidth Two Columns -->\n<div class=\"bg-purple  full-width-two-columns-logos d-flex align-items-center\" id=\"full-width-two-columns-logos-block_481c99f94a8d51ed6762a211c0c5d7ab\">\n    <div class=\"container-fluid p-0\">\n        <div class=\"row g-0 d-flex align-items-center\">\n            <div class=\"col-lg-6 d-flex align-items-center\" data-sal=\"slide-right\" data-sal-duration=\"800\" data-sal-delay=\"200\">\n                <div class=\"section\">\n                    <div class=\"container-fluid\">\n                        <h2>REJOINDRE<br \/>\nNOUS<\/h2>\n<p>AUDRi repr\u00e9sente les principales voix mondiales en mati\u00e8re d&rsquo;\u00e9galit\u00e9, tant au sein qu&rsquo;au-del\u00e0 du secteur num\u00e9rique.<\/p>\n                                                    <div class=\"pt-1 pt-lg-4 btn-wrapper\">\n                                <a href=\"https:\/\/audri.org\/membership-signup\/\" class=\"btn\">\n                                    <span>Rejoignez-nous<\/span>\n                                    <span><img decoding=\"async\" src=\"https:\/\/audri.org\/wp-content\/themes\/audri-theme\/img\/svg\/icon-arrow-right.svg\"><\/span>\n                                <\/a>\n                            <\/div>\n                                            <\/div>\n                <\/div>\n            <\/div>\n            <div class=\"col-lg-6\">\n\n\n\n\n            <\/div>\n        <\/div>\n    <\/div>\n<\/div>\n<!-- Fullwidth Two Columns -->\n<!-- \/\/Two Columns Fullwidth -->\n            <div class=\"row g-0 align-items-center\">\n            <div class=\"col-lg-6 \">\n                <img decoding=\"async\" class=\"img-fluid w-100\" src=\"https:\/\/audri.org\/wp-content\/uploads\/2022\/11\/Canva-Stock-960-1080-2-960x1080.png\" alt=\"Image\" data-sal=\"slide-up\" data-sal-duration=\"400\" data-sal-delay=\"100\">\n            <\/div>\n            <div class=\"col-lg-6 my-5 my-lg-0\">\n                <div class=\"container\">\n                    <div class=\"row justify-content-center\">\n                        <div class=\"col-lg-11\" data-sal=\"slide-up\" data-sal-duration=\"400\" data-sal-delay=\"200\">\n                            <h2>LA CRIMINALIT\u00c9 \u00c0 L&rsquo;\u00c8RE DU NUM\u00c9RIQUE<\/h2>\n<p>Chaque jour, de nouveaux exemples extr\u00eamement alarmants montrent comment les technologies et les r\u00e9seaux num\u00e9riques non r\u00e9glement\u00e9s menacent les droits et libert\u00e9s des personnes, notamment :<\/p>\n<ul>\n<li>Le partage non consensuel d\u2019images intimes (y compris les images falsifi\u00e9es appel\u00e9es les \u00ab deep fakes \u00bb), la publication d\u2019informations priv\u00e9es ou d\u2019identification d\u2019un individu particulier sur Internet (ce qu\u2019on appelle le \u00ab doxxing \u00bb) ou la divulgation g\u00e9n\u00e9ralis\u00e9e d\u2019informations priv\u00e9es par des actions de piratage.<\/li>\n<li>Les discriminations li\u00e9es \u00e0 l\u2019intelligence artificielle, o\u00f9 les pr\u00e9jug\u00e9s existants sont cod\u00e9s dans des algorithmes qui sont ensuite utilis\u00e9s pour prendre toutes sortes de d\u00e9cisions, depuis les forfaits d\u2019assurance qui nous sont propos\u00e9s \u00e0 la probabilit\u00e9 que nous nous livrions \u00e0 un comportement criminel.<\/li>\n<li>L\u2019exploitation et les abus sexuels d\u2019enfants en ligne, tels que la diffusion en direct et le partage de mat\u00e9riel \u00e0 caract\u00e8re p\u00e9dosexuel, le grooming en ligne et l\u2019extorsion de faveurs sexuelles en ligne.<\/li>\n<li>La cyberviolence et le cyberharc\u00e8lement, y compris des contenus hostiles \u00e0 l\u2019\u00e9gard d\u2019une personne ou d\u2019un groupe en raison de sa race, de sa religion, de son handicap, de son orientation sexuelle ou de son identit\u00e9 de genre.<\/li>\n<li>Les effets de caisse de r\u00e9sonance, o\u00f9 des communaut\u00e9s en ligne se forment autour d\u2019id\u00e9ologies discriminatoires et biais\u00e9es sur le plan racial ou sexuel, qui conduisent au d\u00e9crochage de la soci\u00e9t\u00e9 et \u00e0 la radicalisation d\u2019individus.<\/li>\n<\/ul>\n                        <\/div>\n                    <\/div>\n                <\/div>\n            <\/div>\n        <\/div>\n    <!-- \/\/Two Columns Fullwidth --><!-- Centered Text -->\n<div class=\"section position-relative text-center centered-text-block \" id=\"centered-text-block-block_1818341be282160101fd1236b209ade5\">\n    <div id=\"down\" class=\"anchor\"><\/div>\n    <div class=\"container\">\n        <div class=\"row justify-content-center\">\n            <div class=\"col-xl-11\" data-sal=\"slide-up\" data-sal-duration=\"400\" data-sal-delay=\"100\">\n                <h2>PAR-DEL\u00c0 LES FRONTI\u00c8RES<\/h2>\n                <p>\u00c0 l\u2019instar de l\u2019environnement naturel, l\u2019environnement num\u00e9rique transcende les fronti\u00e8res et juridictions nationales. De m\u00eame que les nations, malgr\u00e9 tous leurs efforts, ne peuvent \u00e0 elles seules r\u00e9soudre une crise \u00e9cologique plan\u00e9taire, nous ne pouvons pas non plus nous en remettre \u00e0 des lois et politiques nationales distinctes pour guider, r\u00e9guler et g\u00e9rer notre \u00e9cosyst\u00e8me num\u00e9rique mondial.<\/p>\n<p>Depuis quelques ann\u00e9es, plusieurs initiatives, chartes et d\u00e9clarations relatives aux droits num\u00e9riques ont \u00e9t\u00e9 discut\u00e9es, sugg\u00e9r\u00e9es et adopt\u00e9es aux niveaux international, r\u00e9gional et national. Pour autant, leur mise en \u0153uvre n\u2019est pas universelle, dans la mesure o\u00f9 la plupart des chartes num\u00e9riques internationales et r\u00e9gionales n\u2019ont pas de caract\u00e8re juridiquement contraignant ou ne traitent pas suffisamment du r\u00f4le jou\u00e9 par les fournisseurs et plateformes de services num\u00e9riques \u00e0 promouvoir et prot\u00e9ger les droits de l\u2019Homme de leurs utilisateurs.<\/p>\n<p>En voici la liste non exhaustive :<\/p>\n<p>La Charte des droits de l\u2019Homme et des Principes pour l\u2019Internet<br \/>\nLa D\u00e9claration africaine des droits et libert\u00e9s de l\u2019Internet<br \/>\nLe Guide du Conseil de l\u2019Europe des droits de l\u2019Homme pour les utilisateurs d\u2019Internet<br \/>\nLe Cadre br\u00e9silien des droits civils<br \/>\nLa D\u00e9claration pour l\u2019avenir de l\u2019Internet<br \/>\nPour parvenir \u00e0 l\u2019\u00e9galit\u00e9 universelle en mati\u00e8re de s\u00e9curit\u00e9, de libert\u00e9 et de dignit\u00e9 dans notre avenir num\u00e9rique, il nous faut adopter une approche universelle qui d\u00e9finisse, d\u00e9fende et fasse progresser les droits num\u00e9riques, et ce pour tous.<\/p>\n                            <\/div>\n        <\/div>\n    <\/div>\n<\/div>\n<!-- Centered Text --><!-- Outro -->\n<div class=\"section\">\n    <div class=\"container\">\n        <div data-sal=\"slide-up\" data-sal-duration=\"400\" data-sal-delay=\"100\">\n            <div class=\"row justify-content-center\">\n                <div class=\"col-lg-8 text-center\">\n                    <p>Pour parvenir \u00e0 l\u2019\u00e9galit\u00e9 universelle en mati\u00e8re de s\u00e9curit\u00e9, de libert\u00e9 et de dignit\u00e9 dans notre avenir num\u00e9rique, il nous faut adopter une approche universelle qui d\u00e9finisse, d\u00e9fende et fasse progresser les droits num\u00e9riques, et ce pour tous.<\/p>\n                                            <a href=\"http:\/\/www.audri-equality-now.local\/our-approach\/\" class=\"btn\" target=\"_blank\" rel=\"noopener\">\n                            <span>NOTRE APPROCHE<\/span>\n                            <span><img decoding=\"async\" src=\"https:\/\/audri.org\/wp-content\/themes\/audri-theme\/img\/svg\/icon-arrow-right.svg\"><\/span>\n                        <\/a>\n                                    <\/div>\n            <\/div>\n        <\/div>\n    <\/div>\n<\/div>\n<!-- \/\/Outro -->\n<!-- Footer Graphic -->\n<img decoding=\"async\" class=\"img-fluid w-100\" src=\"https:\/\/audri.org\/wp-content\/uploads\/2022\/11\/Website-Footer-04-1920x691.png\" alt=\"Website-Footer-04\" data-sal=\"slide-up\" data-sal-duration=\"800\" data-sal-delay=\"200\">\n<!-- \/\/Footer Graphic -->\n","protected":false},"excerpt":{"rendered":"","protected":false},"author":1,"featured_media":0,"parent":0,"menu_order":0,"comment_status":"closed","ping_status":"closed","template":"","meta":{"_acf_changed":false,"_mo_disable_npp":"","footnotes":""},"class_list":["post-732","page","type-page","status-publish","hentry"],"acf":[],"_links":{"self":[{"href":"https:\/\/audri.org\/fr\/wp-json\/wp\/v2\/pages\/732","targetHints":{"allow":["GET"]}}],"collection":[{"href":"https:\/\/audri.org\/fr\/wp-json\/wp\/v2\/pages"}],"about":[{"href":"https:\/\/audri.org\/fr\/wp-json\/wp\/v2\/types\/page"}],"author":[{"embeddable":true,"href":"https:\/\/audri.org\/fr\/wp-json\/wp\/v2\/users\/1"}],"replies":[{"embeddable":true,"href":"https:\/\/audri.org\/fr\/wp-json\/wp\/v2\/comments?post=732"}],"version-history":[{"count":0,"href":"https:\/\/audri.org\/fr\/wp-json\/wp\/v2\/pages\/732\/revisions"}],"wp:attachment":[{"href":"https:\/\/audri.org\/fr\/wp-json\/wp\/v2\/media?parent=732"}],"curies":[{"name":"wp","href":"https:\/\/api.w.org\/{rel}","templated":true}]}}